{"id":6999,"date":"2023-09-13T09:28:40","date_gmt":"2023-09-13T08:28:40","guid":{"rendered":"https:\/\/ai.ac.rs\/?page_id=6999"},"modified":"2024-06-04T15:07:49","modified_gmt":"2024-06-04T14:07:49","slug":"metalna-doba-strana","status":"publish","type":"page","link":"https:\/\/ai.ac.rs\/en\/metalna-doba-strana\/","title":{"rendered":"Metal Ages"},"content":{"rendered":"<section class=\"wpb-content-wrapper\"><p>[vc_row][vc_column][vc_column_text][\/vc_column_text][vc_empty_space][\/vc_column][\/vc_row][vc_row][vc_column width=&#8221;1\/2&#8243;][vc_column_text]The study of the Copper, Bronze, and Iron Ages in the Central Balkans covers a period of more than four millennia. Currently, various international initiatives are being carried out, as well as the scientific project &#8220;THE FLOW: Interactions-Transmission-Transformation: Long-Distance Connections in the Copper and Bronze Ages of the Central Balkans.&#8221; In collaboration with local museums, material excavated during the last century is methodically processed, exhibited, and published. All studies and activities are carried out in a multidisciplinary manner, with space-time models, paleobotanical, archaeozoological, and physical-chemical investigations of findings being used.<br \/>\nResearch on the issues of the Central Balkans&#8217; Copper, Bronze, and Iron Ages covers a period of more than four millennia. Besides the systematic study of numerous sites, the most significant research is currently being carried out at Velika humska \u010duka, near Ni\u0161, Svinjari\u010dka \u010duka, near Lebane, as well as several Bronze Age metallurgical workshops and necropolises from the vicinity of Bor. Currently, numerous international projects are being conducted in collaboration with the world&#8217;s leading institutions: Brooklyn City College, the University of New York (USA), the Austrian Archaeological Institute (Austria), and University College Dublin (Ireland).[\/vc_column_text][\/vc_column][vc_column width=&#8221;1\/2&#8243;][vc_column_text]Most recently, special attention has been dedicated to the scientific project &#8220;THE FLOW: Interactions-Transmission-Transformation: Long-Distance Connections in the Copper and Bronze Ages of the Central Balkans&#8221;, financed by the Science Fund of the Republic of Serbia. The main objective of the project is to examine the circulation of metals and other raw materials during the metal ages in South-eastern Europe and determine their origin in order to reconstruct contacts and interactions of the population of the Central Balkans with the communities of neighbouring and more distant regions, especially the lower Danube, Central Europe, and Macedonia.<\/p>\n<p>In addition to the new research, material excavated in the last century is systematically processed, presented, and published in cooperation with local museums. The results of those studies are shown in the Archaeological Material of Serbia series, currently published in 10 separate monographs.<\/p>\n<p>All the work and activities are carried out using a multidisciplinary approach, with space-time models, paleobotanical, archaeozoological, and physical-chemical analyses of finds, ancient DNA analysis, tin and lead isotope analysis, AMS analysis, and other current scientific analytical methods.[\/vc_column_text][\/vc_column][\/vc_row][vc_row][vc_column][vc_empty_space][\/vc_column][\/vc_row][vc_row][vc_column width=&#8221;1\/6&#8243;][vc_btn title=&#8221;\u0412\u0415\u041b\u0418\u041a\u0410 \u0425\u0423\u041c\u0421\u041a\u0410 \u0427\u0423\u041a\u0410&#8221; style=&#8221;flat&#8221; color=&#8221;chino&#8221; size=&#8221;sm&#8221;][\/vc_column][vc_column width=&#8221;1\/6&#8243;][vc_btn title=&#8221;\u041f\u0420\u0409\u0423\u0428\u0410- \u041c\u0410\u041b\u0418 \u0428\u0422\u0423\u0420\u0410\u0426&#8221; style=&#8221;flat&#8221; color=&#8221;chino&#8221; size=&#8221;sm&#8221;][\/vc_column][vc_column width=&#8221;1\/6&#8243;][vc_btn title=&#8221;\u041a\u0410\u041b\u0415 \u2013 \u041a\u0420\u0428\u0415\u0412\u0418\u0426\u0410&#8221; style=&#8221;flat&#8221; color=&#8221;chino&#8221; size=&#8221;sm&#8221;][\/vc_column][vc_column width=&#8221;1\/6&#8243;][\/vc_column][vc_column width=&#8221;1\/6&#8243;][\/vc_column][vc_column width=&#8221;1\/6&#8243;][\/vc_column][\/vc_row][vc_row css=&#8221;.vc_custom_1529917889058{padding-top: 10px !important;padding-bottom: 25px !important;}&#8221;][vc_column][vc_empty_space][vc_gallery type=&#8221;flexslider_slide&#8221; interval=&#8221;3&#8243; images=&#8221;9559,9557,9565,9573,9524,9500,9526,9577&#8243; img_size=&#8221;full&#8221;][\/vc_column][\/vc_row][vc_row css=&#8221;.vc_custom_1529917889058{padding-top: 10px !important;padding-bottom: 25px !important;}&#8221;][vc_column]<div class=\"eltdf-section-title-holder  eltdf-st-standard eltdf-st-title-left eltdf-st-normal-space \" >\n\t<div class=\"eltdf-st-inner\">\n\t\t\t\t\t<h3 class=\"eltdf-st-title\" >\n\t\t\t\tAssociates\t\t\t<\/h3>\n\t\t\t\t\t\t\t<\/div>\n<\/div>[vc_empty_space]<div class=\"eltdf-instructor-slider-holder info-\"><div class=\"eltdf-instructor-list-holder eltdf-grid-list eltdf-disable-bottom-space clearfix eltdf-four-columns eltdf-small-space\" data-number-of-columns=\"3\" data-enable-navigation=\"yes\" data-enable-pagination=\"yes\">\n\t<div class=\"eltdf-tl-inner eltdf-outer-space eltdf-owl-slider eltdf-list-is-slider\" >\n\t\t<div class=\"eltdf-instructor eltdf-item-space info-bellow \">\t<div class=\"eltdf-instructor-inner\">\t\t\t\t\t<div class=\"eltdf-instructor-image\">\t\t\t\t<a itemprop=\"url\" href=\"https:\/\/ai.ac.rs\/en\/instructor\/ma-danica-grujic\/\">\t\t\t\t\t<img loading=\"lazy\" decoding=\"async\" width=\"300\" height=\"300\" src=\"https:\/\/ai.ac.rs\/wp-content\/uploads\/2023\/10\/danica.jpg\" class=\"attachment-full size-full wp-post-image\" alt=\"\" srcset=\"https:\/\/ai.ac.rs\/wp-content\/uploads\/2023\/10\/danica.jpg 300w, https:\/\/ai.ac.rs\/wp-content\/uploads\/2023\/10\/danica-150x150.jpg 150w, https:\/\/ai.ac.rs\/wp-content\/uploads\/2023\/10\/danica-100x100.jpg 100w\" sizes=\"auto, (max-width: 300px) 100vw, 300px\" \/>\t\t\t\t<\/a>\t\t\t<\/div>\t\t\t\t<div class=\"eltdf-instructor-info\">\t\t\t<div class=\"eltdf-instructor-title-holder\">\t\t\t\t<h4 itemprop=\"name\" class=\"eltdf-instructor-name entry-title\">\t\t\t\t\t<a itemprop=\"url\" href=\"https:\/\/ai.ac.rs\/en\/instructor\/ma-danica-grujic\/\">\u041c\u0410 Danica Gruji\u0107<\/a>\t\t\t\t<\/h4>\t\t\t\t\t\t\t\t\t\t\t\t\t<h6 class=\"eltdf-instructor-position\">Research Trainee<\/h6>\t\t\t\t\t\t\t<\/div>\t\t\t\t\t\t\t<div class=\"eltdf-instructor-text\">\t\t\t\t\t<div class=\"eltdf-instructor-text-inner\">\t\t\t\t\t\t<div class=\"eltdf-instructor-description\">\t\t\t\t\t\t\t<p itemprop=\"description\" class=\"eltdf-instructor-excerpt\">[vc_row][vc_column][vc_column_text]MA Danica Gruji\u0107 deals with the analysis of animal remains with the aim of reconstructing human-animal relations in prehistory, primarily in the Bronze and Iron Ages. Special interest is focused on the analysis of the skeletal remains of animals with the aim of reconstructing the diet of people, as well as the role of animal husbandry, [&hellip;]<\/p>\t\t\t\t\t\t<\/div>\t\t\t\t\t<\/div>\t\t\t\t<\/div>\t\t\t\t\t\t<div class=\"eltdf-instructor-social-holder-between\">\t\t\t\t<div class=\"eltdf-instructor-social\">\t\t\t\t\t<div class=\"eltdf-instructor-social-inner\">\t\t\t\t\t\t<div class=\"eltdf-instructor-social-wrapp\">\t\t\t\t\t\t\t\t\t\t\t\t\t<\/div>\t\t\t\t\t<\/div>\t\t\t\t<\/div>\t\t\t<\/div>\t\t<\/div>\t<\/div><\/div><div class=\"eltdf-instructor eltdf-item-space info-bellow \">\t<div class=\"eltdf-instructor-inner\">\t\t\t\t\t<div class=\"eltdf-instructor-image\">\t\t\t\t<a itemprop=\"url\" href=\"https:\/\/ai.ac.rs\/en\/instructor\/ma-milan-prodanovic\/\">\t\t\t\t\t<img loading=\"lazy\" decoding=\"async\" width=\"500\" height=\"500\" src=\"https:\/\/ai.ac.rs\/wp-content\/uploads\/2023\/10\/milanprodanociv.jpg\" class=\"attachment-full size-full wp-post-image\" alt=\"\" srcset=\"https:\/\/ai.ac.rs\/wp-content\/uploads\/2023\/10\/milanprodanociv.jpg 500w, https:\/\/ai.ac.rs\/wp-content\/uploads\/2023\/10\/milanprodanociv-300x300.jpg 300w, https:\/\/ai.ac.rs\/wp-content\/uploads\/2023\/10\/milanprodanociv-150x150.jpg 150w, https:\/\/ai.ac.rs\/wp-content\/uploads\/2023\/10\/milanprodanociv-100x100.jpg 100w\" sizes=\"auto, (max-width: 500px) 100vw, 500px\" \/>\t\t\t\t<\/a>\t\t\t<\/div>\t\t\t\t<div class=\"eltdf-instructor-info\">\t\t\t<div class=\"eltdf-instructor-title-holder\">\t\t\t\t<h4 itemprop=\"name\" class=\"eltdf-instructor-name entry-title\">\t\t\t\t\t<a itemprop=\"url\" href=\"https:\/\/ai.ac.rs\/en\/instructor\/ma-milan-prodanovic\/\">MA Milan Prodanovi\u0107<\/a>\t\t\t\t<\/h4>\t\t\t\t\t\t\t\t\t\t\t\t\t<h6 class=\"eltdf-instructor-position\">Research Assistant<\/h6>\t\t\t\t\t\t\t<\/div>\t\t\t\t\t\t\t<div class=\"eltdf-instructor-text\">\t\t\t\t\t<div class=\"eltdf-instructor-text-inner\">\t\t\t\t\t\t<div class=\"eltdf-instructor-description\">\t\t\t\t\t\t\t<p itemprop=\"description\" class=\"eltdf-instructor-excerpt\">[vc_row][vc_column][vc_column_text]Research interest: &nbsp; MA Milan Prodanovi\u0107 specializes in Greek and Roman archaeology and the ancient history of the Balkans and the Eastern Mediterranean. His research focuses on ancient Greek and Roman epigraphy, which he examines through the lens of social and economic history, with particular emphasis on the history of slavery. His academic interests include the [&hellip;]<\/p>\t\t\t\t\t\t<\/div>\t\t\t\t\t<\/div>\t\t\t\t<\/div>\t\t\t\t\t\t<div class=\"eltdf-instructor-social-holder-between\">\t\t\t\t<div class=\"eltdf-instructor-social\">\t\t\t\t\t<div class=\"eltdf-instructor-social-inner\">\t\t\t\t\t\t<div class=\"eltdf-instructor-social-wrapp\">\t\t\t\t\t\t\t\t\t\t\t\t\t<\/div>\t\t\t\t\t<\/div>\t\t\t\t<\/div>\t\t\t<\/div>\t\t<\/div>\t<\/div><\/div><div class=\"eltdf-instructor eltdf-item-space info-bellow \">\t<div class=\"eltdf-instructor-inner\">\t\t\t\t\t<div class=\"eltdf-instructor-image\">\t\t\t\t<a itemprop=\"url\" href=\"https:\/\/ai.ac.rs\/en\/instructor\/ma-ivan-nincic\/\">\t\t\t\t\t<img loading=\"lazy\" decoding=\"async\" width=\"300\" height=\"300\" src=\"https:\/\/ai.ac.rs\/wp-content\/uploads\/2023\/10\/ivan-nincic.jpg\" class=\"attachment-full size-full wp-post-image\" alt=\"\" srcset=\"https:\/\/ai.ac.rs\/wp-content\/uploads\/2023\/10\/ivan-nincic.jpg 300w, https:\/\/ai.ac.rs\/wp-content\/uploads\/2023\/10\/ivan-nincic-150x150.jpg 150w, https:\/\/ai.ac.rs\/wp-content\/uploads\/2023\/10\/ivan-nincic-100x100.jpg 100w\" sizes=\"auto, (max-width: 300px) 100vw, 300px\" \/>\t\t\t\t<\/a>\t\t\t<\/div>\t\t\t\t<div class=\"eltdf-instructor-info\">\t\t\t<div class=\"eltdf-instructor-title-holder\">\t\t\t\t<h4 itemprop=\"name\" class=\"eltdf-instructor-name entry-title\">\t\t\t\t\t<a itemprop=\"url\" href=\"https:\/\/ai.ac.rs\/en\/instructor\/ma-ivan-nincic\/\">MA Ivan Nin\u010di\u0107<\/a>\t\t\t\t<\/h4>\t\t\t\t\t\t\t\t\t\t\t\t\t<h6 class=\"eltdf-instructor-position\">Research Assistant<\/h6>\t\t\t\t\t\t\t<\/div>\t\t\t\t\t\t\t<div class=\"eltdf-instructor-text\">\t\t\t\t\t<div class=\"eltdf-instructor-text-inner\">\t\t\t\t\t\t<div class=\"eltdf-instructor-description\">\t\t\t\t\t\t\t<p itemprop=\"description\" class=\"eltdf-instructor-excerpt\">[vc_row][vc_column][vc_column_text]Interests and methodology of research &nbsp; MA Ivan Nin\u010di\u0107 is focused on the research of the beginning of the Iron Age in Podunavlje, with an emphasis on the role of communication and mobility of communities in the past. Through the research of material culture, he endeavours to illuminate the cultural and social processes that led to [&hellip;]<\/p>\t\t\t\t\t\t<\/div>\t\t\t\t\t<\/div>\t\t\t\t<\/div>\t\t\t\t\t\t<div class=\"eltdf-instructor-social-holder-between\">\t\t\t\t<div class=\"eltdf-instructor-social\">\t\t\t\t\t<div class=\"eltdf-instructor-social-inner\">\t\t\t\t\t\t<div class=\"eltdf-instructor-social-wrapp\">\t\t\t\t\t\t\t\t\t\t\t\t\t<\/div>\t\t\t\t\t<\/div>\t\t\t\t<\/div>\t\t\t<\/div>\t\t<\/div>\t<\/div><\/div><div class=\"eltdf-instructor eltdf-item-space info-bellow \">\t<div class=\"eltdf-instructor-inner\">\t\t\t\t\t<div class=\"eltdf-instructor-image\">\t\t\t\t<a itemprop=\"url\" href=\"https:\/\/ai.ac.rs\/en\/instructor\/dr-ognjen-mladenovic\/\">\t\t\t\t\t<img loading=\"lazy\" decoding=\"async\" width=\"300\" height=\"300\" src=\"https:\/\/ai.ac.rs\/wp-content\/uploads\/2023\/10\/ognjen-mladenovic.jpg\" class=\"attachment-full size-full wp-post-image\" alt=\"\" srcset=\"https:\/\/ai.ac.rs\/wp-content\/uploads\/2023\/10\/ognjen-mladenovic.jpg 300w, https:\/\/ai.ac.rs\/wp-content\/uploads\/2023\/10\/ognjen-mladenovic-150x150.jpg 150w, https:\/\/ai.ac.rs\/wp-content\/uploads\/2023\/10\/ognjen-mladenovic-100x100.jpg 100w\" sizes=\"auto, (max-width: 300px) 100vw, 300px\" \/>\t\t\t\t<\/a>\t\t\t<\/div>\t\t\t\t<div class=\"eltdf-instructor-info\">\t\t\t<div class=\"eltdf-instructor-title-holder\">\t\t\t\t<h4 itemprop=\"name\" class=\"eltdf-instructor-name entry-title\">\t\t\t\t\t<a itemprop=\"url\" href=\"https:\/\/ai.ac.rs\/en\/instructor\/dr-ognjen-mladenovic\/\">Dr Ognjen Mladenovi\u0107<\/a>\t\t\t\t<\/h4>\t\t\t\t\t\t\t\t\t\t\t\t\t<h6 class=\"eltdf-instructor-position\">Research Associate<\/h6>\t\t\t\t\t\t\t<\/div>\t\t\t\t\t\t\t<div class=\"eltdf-instructor-text\">\t\t\t\t\t<div class=\"eltdf-instructor-text-inner\">\t\t\t\t\t\t<div class=\"eltdf-instructor-description\">\t\t\t\t\t\t\t<p itemprop=\"description\" class=\"eltdf-instructor-excerpt\">[vc_row][vc_column][vc_column_text]Interests and methodology of research &nbsp; MA Ognjen Mladenovi\u0107 is oriented, through his participation in several national and international projects, towards research of the origin and distribution of tin during the Bronze and Iron Age, using geological and archaeological prospection, isotope analyses and cultural-historical interpretation of bronze objects. With participation in numerous systematic research of prehistoric [&hellip;]<\/p>\t\t\t\t\t\t<\/div>\t\t\t\t\t<\/div>\t\t\t\t<\/div>\t\t\t\t\t\t<div class=\"eltdf-instructor-social-holder-between\">\t\t\t\t<div class=\"eltdf-instructor-social\">\t\t\t\t\t<div class=\"eltdf-instructor-social-inner\">\t\t\t\t\t\t<div class=\"eltdf-instructor-social-wrapp\">\t\t\t\t\t\t\t\t\t\t\t\t\t<\/div>\t\t\t\t\t<\/div>\t\t\t\t<\/div>\t\t\t<\/div>\t\t<\/div>\t<\/div><\/div><div class=\"eltdf-instructor eltdf-item-space info-bellow \">\t<div class=\"eltdf-instructor-inner\">\t\t\t\t\t<div class=\"eltdf-instructor-image\">\t\t\t\t<a itemprop=\"url\" href=\"https:\/\/ai.ac.rs\/en\/instructor\/ma-petar-milojevic\/\">\t\t\t\t\t<img loading=\"lazy\" decoding=\"async\" width=\"300\" height=\"300\" src=\"https:\/\/ai.ac.rs\/wp-content\/uploads\/2023\/10\/petar-milojevic.jpg\" class=\"attachment-full size-full wp-post-image\" alt=\"\" srcset=\"https:\/\/ai.ac.rs\/wp-content\/uploads\/2023\/10\/petar-milojevic.jpg 300w, https:\/\/ai.ac.rs\/wp-content\/uploads\/2023\/10\/petar-milojevic-150x150.jpg 150w, https:\/\/ai.ac.rs\/wp-content\/uploads\/2023\/10\/petar-milojevic-100x100.jpg 100w\" sizes=\"auto, (max-width: 300px) 100vw, 300px\" \/>\t\t\t\t<\/a>\t\t\t<\/div>\t\t\t\t<div class=\"eltdf-instructor-info\">\t\t\t<div class=\"eltdf-instructor-title-holder\">\t\t\t\t<h4 itemprop=\"name\" class=\"eltdf-instructor-name entry-title\">\t\t\t\t\t<a itemprop=\"url\" href=\"https:\/\/ai.ac.rs\/en\/instructor\/ma-petar-milojevic\/\">Dr Petar Milojevi\u0107<\/a>\t\t\t\t<\/h4>\t\t\t\t\t\t\t\t\t\t\t\t\t<h6 class=\"eltdf-instructor-position\">Research Associate<\/h6>\t\t\t\t\t\t\t<\/div>\t\t\t\t\t\t\t<div class=\"eltdf-instructor-text\">\t\t\t\t\t<div class=\"eltdf-instructor-text-inner\">\t\t\t\t\t\t<div class=\"eltdf-instructor-description\">\t\t\t\t\t\t\t<p itemprop=\"description\" class=\"eltdf-instructor-excerpt\">[vc_row][vc_column][vc_column_text]Interests and methodology of research &nbsp; Petar Milojevi\u0107 researches the settlements and patterns of settlements from the Copper and Iron Age. He is also interested in the material culture, social organisation, paleo economic tendencies and technological development of the prehistoric populations of the Central Balkans. &nbsp; Education &nbsp; 2023 \u2013 PhD degree in Archaeology. Faculty of [&hellip;]<\/p>\t\t\t\t\t\t<\/div>\t\t\t\t\t<\/div>\t\t\t\t<\/div>\t\t\t\t\t\t<div class=\"eltdf-instructor-social-holder-between\">\t\t\t\t<div class=\"eltdf-instructor-social\">\t\t\t\t\t<div class=\"eltdf-instructor-social-inner\">\t\t\t\t\t\t<div class=\"eltdf-instructor-social-wrapp\">\t\t\t\t\t\t\t\t\t\t\t\t\t<\/div>\t\t\t\t\t<\/div>\t\t\t\t<\/div>\t\t\t<\/div>\t\t<\/div>\t<\/div><\/div><div class=\"eltdf-instructor eltdf-item-space info-bellow \">\t<div class=\"eltdf-instructor-inner\">\t\t\t\t\t<div class=\"eltdf-instructor-image\">\t\t\t\t<a itemprop=\"url\" href=\"https:\/\/ai.ac.rs\/en\/instructor\/dr-dragan-milanovic\/\">\t\t\t\t\t<img loading=\"lazy\" decoding=\"async\" width=\"300\" height=\"300\" src=\"https:\/\/ai.ac.rs\/wp-content\/uploads\/2023\/10\/dragan-milanovic.jpg\" class=\"attachment-full size-full wp-post-image\" alt=\"\" srcset=\"https:\/\/ai.ac.rs\/wp-content\/uploads\/2023\/10\/dragan-milanovic.jpg 300w, https:\/\/ai.ac.rs\/wp-content\/uploads\/2023\/10\/dragan-milanovic-150x150.jpg 150w, https:\/\/ai.ac.rs\/wp-content\/uploads\/2023\/10\/dragan-milanovic-100x100.jpg 100w\" sizes=\"auto, (max-width: 300px) 100vw, 300px\" \/>\t\t\t\t<\/a>\t\t\t<\/div>\t\t\t\t<div class=\"eltdf-instructor-info\">\t\t\t<div class=\"eltdf-instructor-title-holder\">\t\t\t\t<h4 itemprop=\"name\" class=\"eltdf-instructor-name entry-title\">\t\t\t\t\t<a itemprop=\"url\" href=\"https:\/\/ai.ac.rs\/en\/instructor\/dr-dragan-milanovic\/\">Dr Dragan Milanovi\u0107<\/a>\t\t\t\t<\/h4>\t\t\t\t\t\t\t\t\t\t\t\t\t<h6 class=\"eltdf-instructor-position\">Senior Research Associate<\/h6>\t\t\t\t\t\t\t<\/div>\t\t\t\t\t\t\t<div class=\"eltdf-instructor-text\">\t\t\t\t\t<div class=\"eltdf-instructor-text-inner\">\t\t\t\t\t\t<div class=\"eltdf-instructor-description\">\t\t\t\t\t\t\t<p itemprop=\"description\" class=\"eltdf-instructor-excerpt\">[vc_row][vc_column][vc_column_text]Interests and methodology of research &nbsp; Dr Dragan Milanovi\u0107 is dedicated to the research of the socio-economic processes that led to the disintegration of Neolithic and formation of Eneolithic cultures on the Balkan Peninsula. Dr Milanovi\u0107 is also dedicated to the observation of similar processes in the 5th and the 4th millennium B. C. on the [&hellip;]<\/p>\t\t\t\t\t\t<\/div>\t\t\t\t\t<\/div>\t\t\t\t<\/div>\t\t\t\t\t\t<div class=\"eltdf-instructor-social-holder-between\">\t\t\t\t<div class=\"eltdf-instructor-social\">\t\t\t\t\t<div class=\"eltdf-instructor-social-inner\">\t\t\t\t\t\t<div class=\"eltdf-instructor-social-wrapp\">\t\t\t\t\t\t\t\t\t\t\t\t\t<\/div>\t\t\t\t\t<\/div>\t\t\t\t<\/div>\t\t\t<\/div>\t\t<\/div>\t<\/div><\/div><div class=\"eltdf-instructor eltdf-item-space info-bellow \">\t<div class=\"eltdf-instructor-inner\">\t\t\t\t\t<div class=\"eltdf-instructor-image\">\t\t\t\t<a itemprop=\"url\" href=\"https:\/\/ai.ac.rs\/en\/instructor\/dr-vidan-dimic\/\">\t\t\t\t\t<img loading=\"lazy\" decoding=\"async\" width=\"300\" height=\"300\" src=\"https:\/\/ai.ac.rs\/wp-content\/uploads\/2023\/10\/vidan-dimic.jpg\" class=\"attachment-full size-full wp-post-image\" alt=\"\" srcset=\"https:\/\/ai.ac.rs\/wp-content\/uploads\/2023\/10\/vidan-dimic.jpg 300w, https:\/\/ai.ac.rs\/wp-content\/uploads\/2023\/10\/vidan-dimic-150x150.jpg 150w, https:\/\/ai.ac.rs\/wp-content\/uploads\/2023\/10\/vidan-dimic-100x100.jpg 100w\" sizes=\"auto, (max-width: 300px) 100vw, 300px\" \/>\t\t\t\t<\/a>\t\t\t<\/div>\t\t\t\t<div class=\"eltdf-instructor-info\">\t\t\t<div class=\"eltdf-instructor-title-holder\">\t\t\t\t<h4 itemprop=\"name\" class=\"eltdf-instructor-name entry-title\">\t\t\t\t\t<a itemprop=\"url\" href=\"https:\/\/ai.ac.rs\/en\/instructor\/dr-vidan-dimic\/\">Dr Vidan Dimi\u0107<\/a>\t\t\t\t<\/h4>\t\t\t\t\t\t\t\t\t\t\t\t\t<h6 class=\"eltdf-instructor-position\">Research Associate<\/h6>\t\t\t\t\t\t\t<\/div>\t\t\t\t\t\t\t<div class=\"eltdf-instructor-text\">\t\t\t\t\t<div class=\"eltdf-instructor-text-inner\">\t\t\t\t\t\t<div class=\"eltdf-instructor-description\">\t\t\t\t\t\t\t<p itemprop=\"description\" class=\"eltdf-instructor-excerpt\">[vc_row][vc_column][vc_column_text]Interests and methodology of research &nbsp; Dr Vladan Dimi\u0107 has, since 2010, researched archaeotechnology, that is the exploitation, manufacture, use and circulation of stone raw materials and tools in prehistory, particularly during the Neolithic in Serbia. Dr Dimi\u0107 started the research related to the mentioned topics on abrasive and polished stone tools from the locality of [&hellip;]<\/p>\t\t\t\t\t\t<\/div>\t\t\t\t\t<\/div>\t\t\t\t<\/div>\t\t\t\t\t\t<div class=\"eltdf-instructor-social-holder-between\">\t\t\t\t<div class=\"eltdf-instructor-social\">\t\t\t\t\t<div class=\"eltdf-instructor-social-inner\">\t\t\t\t\t\t<div class=\"eltdf-instructor-social-wrapp\">\t\t\t\t\t\t\t\t\t\t\t\t\t<\/div>\t\t\t\t\t<\/div>\t\t\t\t<\/div>\t\t\t<\/div>\t\t<\/div>\t<\/div><\/div><div class=\"eltdf-instructor eltdf-item-space info-bellow \">\t<div class=\"eltdf-instructor-inner\">\t\t\t\t\t<div class=\"eltdf-instructor-image\">\t\t\t\t<a itemprop=\"url\" href=\"https:\/\/ai.ac.rs\/en\/instructor\/dr-ivan-vranic\/\">\t\t\t\t\t<img loading=\"lazy\" decoding=\"async\" width=\"300\" height=\"300\" src=\"https:\/\/ai.ac.rs\/wp-content\/uploads\/2023\/10\/ivan-vranic.jpg\" class=\"attachment-full size-full wp-post-image\" alt=\"\" srcset=\"https:\/\/ai.ac.rs\/wp-content\/uploads\/2023\/10\/ivan-vranic.jpg 300w, https:\/\/ai.ac.rs\/wp-content\/uploads\/2023\/10\/ivan-vranic-150x150.jpg 150w, https:\/\/ai.ac.rs\/wp-content\/uploads\/2023\/10\/ivan-vranic-100x100.jpg 100w\" sizes=\"auto, (max-width: 300px) 100vw, 300px\" \/>\t\t\t\t<\/a>\t\t\t<\/div>\t\t\t\t<div class=\"eltdf-instructor-info\">\t\t\t<div class=\"eltdf-instructor-title-holder\">\t\t\t\t<h4 itemprop=\"name\" class=\"eltdf-instructor-name entry-title\">\t\t\t\t\t<a itemprop=\"url\" href=\"https:\/\/ai.ac.rs\/en\/instructor\/dr-ivan-vranic\/\">Dr Ivan Vrani\u0107<\/a>\t\t\t\t<\/h4>\t\t\t\t\t\t\t\t\t\t\t\t\t<h6 class=\"eltdf-instructor-position\">Senior Research Associate<\/h6>\t\t\t\t\t\t\t<\/div>\t\t\t\t\t\t\t<div class=\"eltdf-instructor-text\">\t\t\t\t\t<div class=\"eltdf-instructor-text-inner\">\t\t\t\t\t\t<div class=\"eltdf-instructor-description\">\t\t\t\t\t\t\t<p itemprop=\"description\" class=\"eltdf-instructor-excerpt\">[vc_row][vc_column][vc_column_text]Interests and methodology of research &nbsp; Dr Ivan Vrani\u0107 researches cultural contacts and social, political and economic relationships of Iron Age communities from the Balkans and antique Greece. The research that Dr Vrani\u0107 conducts is focused on the locality of Kale in Kr\u0161evica and numerous fortified \u201cHellenistic settlements\u201d in the Balkans\u2019 interior, which were built with [&hellip;]<\/p>\t\t\t\t\t\t<\/div>\t\t\t\t\t<\/div>\t\t\t\t<\/div>\t\t\t\t\t\t<div class=\"eltdf-instructor-social-holder-between\">\t\t\t\t<div class=\"eltdf-instructor-social\">\t\t\t\t\t<div class=\"eltdf-instructor-social-inner\">\t\t\t\t\t\t<div class=\"eltdf-instructor-social-wrapp\">\t\t\t\t\t\t\t\t\t\t\t\t\t<\/div>\t\t\t\t\t<\/div>\t\t\t\t<\/div>\t\t\t<\/div>\t\t<\/div>\t<\/div><\/div><div class=\"eltdf-instructor eltdf-item-space info-bellow \">\t<div class=\"eltdf-instructor-inner\">\t\t\t\t\t<div class=\"eltdf-instructor-image\">\t\t\t\t<a itemprop=\"url\" href=\"https:\/\/ai.ac.rs\/en\/instructor\/dr-vojislav-filipovic\/\">\t\t\t\t\t<img loading=\"lazy\" decoding=\"async\" width=\"300\" height=\"300\" src=\"https:\/\/ai.ac.rs\/wp-content\/uploads\/2023\/10\/filipovic.jpg\" class=\"attachment-full size-full wp-post-image\" alt=\"\" srcset=\"https:\/\/ai.ac.rs\/wp-content\/uploads\/2023\/10\/filipovic.jpg 300w, https:\/\/ai.ac.rs\/wp-content\/uploads\/2023\/10\/filipovic-150x150.jpg 150w, https:\/\/ai.ac.rs\/wp-content\/uploads\/2023\/10\/filipovic-100x100.jpg 100w\" sizes=\"auto, (max-width: 300px) 100vw, 300px\" \/>\t\t\t\t<\/a>\t\t\t<\/div>\t\t\t\t<div class=\"eltdf-instructor-info\">\t\t\t<div class=\"eltdf-instructor-title-holder\">\t\t\t\t<h4 itemprop=\"name\" class=\"eltdf-instructor-name entry-title\">\t\t\t\t\t<a itemprop=\"url\" href=\"https:\/\/ai.ac.rs\/en\/instructor\/dr-vojislav-filipovic\/\">Dr Vojislav Filipovi\u0107<\/a>\t\t\t\t<\/h4>\t\t\t\t\t\t\t\t\t\t\t\t\t<h6 class=\"eltdf-instructor-position\">Principal Research Fellow<\/h6>\t\t\t\t\t\t\t<\/div>\t\t\t\t\t\t\t<div class=\"eltdf-instructor-text\">\t\t\t\t\t<div class=\"eltdf-instructor-text-inner\">\t\t\t\t\t\t<div class=\"eltdf-instructor-description\">\t\t\t\t\t\t\t<p itemprop=\"description\" class=\"eltdf-instructor-excerpt\">[vc_row][vc_column][vc_column_text]Interests and methodology of research &nbsp; Vojislav Filipovi\u0107 (1977) received his dissertation (DSc) in Prehistoric Archeology from the Faculty of Philosophy, University of Belgrade in 2015. His dissertation represents the first ever synthesis of prehistoric weapons in the areas of the Central Balkans. He is a Principal Research Fellow at the Institute of Archeology (AI) in [&hellip;]<\/p>\t\t\t\t\t\t<\/div>\t\t\t\t\t<\/div>\t\t\t\t<\/div>\t\t\t\t\t\t<div class=\"eltdf-instructor-social-holder-between\">\t\t\t\t<div class=\"eltdf-instructor-social\">\t\t\t\t\t<div class=\"eltdf-instructor-social-inner\">\t\t\t\t\t\t<div class=\"eltdf-instructor-social-wrapp\">\t\t\t\t\t\t\t\t\t\t\t\t\t<\/div>\t\t\t\t\t<\/div>\t\t\t\t<\/div>\t\t\t<\/div>\t\t<\/div>\t<\/div><\/div><div class=\"eltdf-instructor eltdf-item-space info-bellow \">\t<div class=\"eltdf-instructor-inner\">\t\t\t\t\t<div class=\"eltdf-instructor-image\">\t\t\t\t<a itemprop=\"url\" href=\"https:\/\/ai.ac.rs\/en\/instructor\/dr-aleksandar-kapuran\/\">\t\t\t\t\t<img loading=\"lazy\" decoding=\"async\" width=\"300\" height=\"300\" src=\"https:\/\/ai.ac.rs\/wp-content\/uploads\/2023\/10\/300_aleksandar.kapuran.jpg\" class=\"attachment-full size-full wp-post-image\" alt=\"\" srcset=\"https:\/\/ai.ac.rs\/wp-content\/uploads\/2023\/10\/300_aleksandar.kapuran.jpg 300w, https:\/\/ai.ac.rs\/wp-content\/uploads\/2023\/10\/300_aleksandar.kapuran-150x150.jpg 150w, https:\/\/ai.ac.rs\/wp-content\/uploads\/2023\/10\/300_aleksandar.kapuran-100x100.jpg 100w\" sizes=\"auto, (max-width: 300px) 100vw, 300px\" \/>\t\t\t\t<\/a>\t\t\t<\/div>\t\t\t\t<div class=\"eltdf-instructor-info\">\t\t\t<div class=\"eltdf-instructor-title-holder\">\t\t\t\t<h4 itemprop=\"name\" class=\"eltdf-instructor-name entry-title\">\t\t\t\t\t<a itemprop=\"url\" href=\"https:\/\/ai.ac.rs\/en\/instructor\/dr-aleksandar-kapuran\/\">Dr Aleksandar Kapuran<\/a>\t\t\t\t<\/h4>\t\t\t\t\t\t\t\t\t\t\t\t\t<h6 class=\"eltdf-instructor-position\">Principal Research Fellow<\/h6>\t\t\t\t\t\t\t<\/div>\t\t\t\t\t\t\t<div class=\"eltdf-instructor-text\">\t\t\t\t\t<div class=\"eltdf-instructor-text-inner\">\t\t\t\t\t\t<div class=\"eltdf-instructor-description\">\t\t\t\t\t\t\t<p itemprop=\"description\" class=\"eltdf-instructor-excerpt\">[vc_row][vc_column][vc_column_text]Interests and methodology of research &nbsp; Archaeology of Prehistory, Copper, Bronze and Iron age, early metallurgy of copper and bronze &nbsp; Education &nbsp; 2011 &#8211; Doctoral thesis in Archaeology. Faculty of Philosophy, University of Belgrade, PhD: Topography of settlements from Metal Ages in north-eastern Serbia 2007 \u2013 Master\u2019s thesis in Archaeology. Faculty of Philosophy, University of [&hellip;]<\/p>\t\t\t\t\t\t<\/div>\t\t\t\t\t<\/div>\t\t\t\t<\/div>\t\t\t\t\t\t<div class=\"eltdf-instructor-social-holder-between\">\t\t\t\t<div class=\"eltdf-instructor-social\">\t\t\t\t\t<div class=\"eltdf-instructor-social-inner\">\t\t\t\t\t\t<div class=\"eltdf-instructor-social-wrapp\">\t\t\t\t\t\t\t\t\t\t\t\t\t<\/div>\t\t\t\t\t<\/div>\t\t\t\t<\/div>\t\t\t<\/div>\t\t<\/div>\t<\/div><\/div><div class=\"eltdf-instructor eltdf-item-space info-bellow \">\t<div class=\"eltdf-instructor-inner\">\t\t\t\t\t<div class=\"eltdf-instructor-image\">\t\t\t\t<a itemprop=\"url\" href=\"https:\/\/ai.ac.rs\/en\/instructor\/dr-selena-vitezovic\/\">\t\t\t\t\t<img loading=\"lazy\" decoding=\"async\" width=\"300\" height=\"300\" src=\"https:\/\/ai.ac.rs\/wp-content\/uploads\/2023\/10\/selena-vitezovic.jpg\" class=\"attachment-full size-full wp-post-image\" alt=\"\" srcset=\"https:\/\/ai.ac.rs\/wp-content\/uploads\/2023\/10\/selena-vitezovic.jpg 300w, https:\/\/ai.ac.rs\/wp-content\/uploads\/2023\/10\/selena-vitezovic-150x150.jpg 150w, https:\/\/ai.ac.rs\/wp-content\/uploads\/2023\/10\/selena-vitezovic-100x100.jpg 100w\" sizes=\"auto, (max-width: 300px) 100vw, 300px\" \/>\t\t\t\t<\/a>\t\t\t<\/div>\t\t\t\t<div class=\"eltdf-instructor-info\">\t\t\t<div class=\"eltdf-instructor-title-holder\">\t\t\t\t<h4 itemprop=\"name\" class=\"eltdf-instructor-name entry-title\">\t\t\t\t\t<a itemprop=\"url\" href=\"https:\/\/ai.ac.rs\/en\/instructor\/dr-selena-vitezovic\/\">Dr Selena Vitezovi\u0107<\/a>\t\t\t\t<\/h4>\t\t\t\t\t\t\t\t\t\t\t\t\t<h6 class=\"eltdf-instructor-position\">Principal Research Fellow<\/h6>\t\t\t\t\t\t\t<\/div>\t\t\t\t\t\t\t<div class=\"eltdf-instructor-text\">\t\t\t\t\t<div class=\"eltdf-instructor-text-inner\">\t\t\t\t\t\t<div class=\"eltdf-instructor-description\">\t\t\t\t\t\t\t<p itemprop=\"description\" class=\"eltdf-instructor-excerpt\">[vc_row][vc_column][vc_column_text]Interests and methodology of research &nbsp; Dr Selena Vitezovi\u0107 researches the prehistory of south-eastern Europe, particularly the Mesolithic, Neolithic and Eneolithic periods. She is engaged in the research of a large number of prehistoric localities in south-eastern Europe. Dr Vitezovi\u0107\u2019s focus is on research related to the economics and technology in prehistory, particularly on the analysis [&hellip;]<\/p>\t\t\t\t\t\t<\/div>\t\t\t\t\t<\/div>\t\t\t\t<\/div>\t\t\t\t\t\t<div class=\"eltdf-instructor-social-holder-between\">\t\t\t\t<div class=\"eltdf-instructor-social\">\t\t\t\t\t<div class=\"eltdf-instructor-social-inner\">\t\t\t\t\t\t<div class=\"eltdf-instructor-social-wrapp\">\t\t\t\t\t\t\t\t\t\t\t\t\t<\/div>\t\t\t\t\t<\/div>\t\t\t\t<\/div>\t\t\t<\/div>\t\t<\/div>\t<\/div><\/div><div class=\"eltdf-instructor eltdf-item-space info-bellow \">\t<div class=\"eltdf-instructor-inner\">\t\t\t\t\t<div class=\"eltdf-instructor-image\">\t\t\t\t<a itemprop=\"url\" href=\"https:\/\/ai.ac.rs\/en\/instructor\/dr-aleksandar-bulatovic\/\">\t\t\t\t\t<img loading=\"lazy\" decoding=\"async\" width=\"300\" height=\"300\" src=\"https:\/\/ai.ac.rs\/wp-content\/uploads\/2023\/10\/aleksandar-bulatovic.jpg\" class=\"attachment-full size-full wp-post-image\" alt=\"\" srcset=\"https:\/\/ai.ac.rs\/wp-content\/uploads\/2023\/10\/aleksandar-bulatovic.jpg 300w, https:\/\/ai.ac.rs\/wp-content\/uploads\/2023\/10\/aleksandar-bulatovic-150x150.jpg 150w, https:\/\/ai.ac.rs\/wp-content\/uploads\/2023\/10\/aleksandar-bulatovic-100x100.jpg 100w\" sizes=\"auto, (max-width: 300px) 100vw, 300px\" \/>\t\t\t\t<\/a>\t\t\t<\/div>\t\t\t\t<div class=\"eltdf-instructor-info\">\t\t\t<div class=\"eltdf-instructor-title-holder\">\t\t\t\t<h4 itemprop=\"name\" class=\"eltdf-instructor-name entry-title\">\t\t\t\t\t<a itemprop=\"url\" href=\"https:\/\/ai.ac.rs\/en\/instructor\/dr-aleksandar-bulatovic\/\">Dr Aleksandar Bulatovi\u0107<\/a>\t\t\t\t<\/h4>\t\t\t\t\t\t\t\t\t\t\t\t\t<h6 class=\"eltdf-instructor-position\">Principal Research Fellow<\/h6>\t\t\t\t\t\t\t<\/div>\t\t\t\t\t\t\t<div class=\"eltdf-instructor-text\">\t\t\t\t\t<div class=\"eltdf-instructor-text-inner\">\t\t\t\t\t\t<div class=\"eltdf-instructor-description\">\t\t\t\t\t\t\t<p itemprop=\"description\" class=\"eltdf-instructor-excerpt\">[vc_row][vc_column][vc_column_text]Interests and methodology of research &nbsp; Dr Aleksandar Bulatovi\u0107 researches interactions of Central Balkan populations in the Eneolithic and copper age, ritual and spiritual life in prehistory and early history period, and the absolute chronology of the Metal Ages period. &nbsp; Education &nbsp; 2008 &#8211; Doctoral thesis in Archaeology. Faculty of Philosophy, University of Belgrade, PhD: [&hellip;]<\/p>\t\t\t\t\t\t<\/div>\t\t\t\t\t<\/div>\t\t\t\t<\/div>\t\t\t\t\t\t<div class=\"eltdf-instructor-social-holder-between\">\t\t\t\t<div class=\"eltdf-instructor-social\">\t\t\t\t\t<div class=\"eltdf-instructor-social-inner\">\t\t\t\t\t\t<div class=\"eltdf-instructor-social-wrapp\">\t\t\t\t\t\t\t\t\t\t\t\t\t<\/div>\t\t\t\t\t<\/div>\t\t\t\t<\/div>\t\t\t<\/div>\t\t<\/div>\t<\/div><\/div><div class=\"eltdf-instructor eltdf-item-space info-bellow \">\t<div class=\"eltdf-instructor-inner\">\t\t\t\t\t<div class=\"eltdf-instructor-image\">\t\t\t\t<a itemprop=\"url\" href=\"https:\/\/ai.ac.rs\/en\/instructor\/dr-dragana-antonovic\/\">\t\t\t\t\t<img loading=\"lazy\" decoding=\"async\" width=\"300\" height=\"300\" src=\"https:\/\/ai.ac.rs\/wp-content\/uploads\/2023\/09\/d.-antonovic-za-sajt-ai-300x300-1.jpg\" class=\"attachment-full size-full wp-post-image\" alt=\"\" srcset=\"https:\/\/ai.ac.rs\/wp-content\/uploads\/2023\/09\/d.-antonovic-za-sajt-ai-300x300-1.jpg 300w, https:\/\/ai.ac.rs\/wp-content\/uploads\/2023\/09\/d.-antonovic-za-sajt-ai-300x300-1-150x150.jpg 150w, https:\/\/ai.ac.rs\/wp-content\/uploads\/2023\/09\/d.-antonovic-za-sajt-ai-300x300-1-100x100.jpg 100w\" sizes=\"auto, (max-width: 300px) 100vw, 300px\" \/>\t\t\t\t<\/a>\t\t\t<\/div>\t\t\t\t<div class=\"eltdf-instructor-info\">\t\t\t<div class=\"eltdf-instructor-title-holder\">\t\t\t\t<h4 itemprop=\"name\" class=\"eltdf-instructor-name entry-title\">\t\t\t\t\t<a itemprop=\"url\" href=\"https:\/\/ai.ac.rs\/en\/instructor\/dr-dragana-antonovic\/\">Dr Dragana Antonovi\u0107<\/a>\t\t\t\t<\/h4>\t\t\t\t\t\t\t\t\t\t\t\t\t<h6 class=\"eltdf-instructor-position\">Principal Research Fellow<\/h6>\t\t\t\t\t\t\t<\/div>\t\t\t\t\t\t\t<div class=\"eltdf-instructor-text\">\t\t\t\t\t<div class=\"eltdf-instructor-text-inner\">\t\t\t\t\t\t<div class=\"eltdf-instructor-description\">\t\t\t\t\t\t\t<p itemprop=\"description\" class=\"eltdf-instructor-excerpt\">[vc_row][vc_column][vc_column_text]Interests and methodology of research &nbsp; Dr Dragana Antonovi\u0107 has , since 1990, been involved in the research of the technological development of prehistoric societies, particularly Neolithic and Eneolithic. Her research is focused on the production of stone and copper tools and weapons from the territory of Serbia to reconstruct the processes of acquiring the raw [&hellip;]<\/p>\t\t\t\t\t\t<\/div>\t\t\t\t\t<\/div>\t\t\t\t<\/div>\t\t\t\t\t\t<div class=\"eltdf-instructor-social-holder-between\">\t\t\t\t<div class=\"eltdf-instructor-social\">\t\t\t\t\t<div class=\"eltdf-instructor-social-inner\">\t\t\t\t\t\t<div class=\"eltdf-instructor-social-wrapp\">\t\t\t\t\t\t\t\t\t\t\t\t\t<\/div>\t\t\t\t\t<\/div>\t\t\t\t<\/div>\t\t\t<\/div>\t\t<\/div>\t<\/div><\/div>\t<\/div>\n<\/div><\/div>[\/vc_column][\/vc_row]<\/p>\n<\/section>","protected":false},"excerpt":{"rendered":"<p>[vc_row][vc_column][vc_column_text][\/vc_column_text][vc_empty_space][\/vc_column][\/vc_row][vc_row][vc_column width=&#8221;1\/2&#8243;][vc_column_text]The study of the Copper, Bronze, and Iron Ages in the Central Balkans covers a period of more than four millennia. Currently, various international initiatives are being carried out, as well as the scientific project &#8220;THE FLOW: Interactions-Transmission-Transformation: Long-Distance Connections in the Copper and Bronze Ages of the Central Balkans.&#8221; In collaboration with local museums, [&hellip;]<\/p>\n","protected":false},"author":1,"featured_media":9537,"parent":0,"menu_order":0,"comment_status":"closed","ping_status":"closed","template":"","meta":{"_bbp_topic_count":0,"_bbp_reply_count":0,"_bbp_total_topic_count":0,"_bbp_total_reply_count":0,"_bbp_voice_count":0,"_bbp_anonymous_reply_count":0,"_bbp_topic_count_hidden":0,"_bbp_reply_count_hidden":0,"_bbp_forum_subforum_count":0,"inline_featured_image":false,"footnotes":""},"class_list":["post-6999","page","type-page","status-publish","has-post-thumbnail","hentry"],"yoast_head":"<!-- This site is optimized with the Yoast SEO plugin v22.0 - https:\/\/yoast.com\/wordpress\/plugins\/seo\/ -->\n<title>Metal Ages - Institute of Archaeology<\/title>\n<meta name=\"robots\" content=\"index, follow, max-snippet:-1, max-image-preview:large, max-video-preview:-1\" \/>\n<link rel=\"canonical\" href=\"https:\/\/ai.ac.rs\/en\/metalna-doba-strana\/\" \/>\n<meta property=\"og:locale\" content=\"en_US\" \/>\n<meta property=\"og:type\" content=\"article\" \/>\n<meta property=\"og:title\" content=\"Metal Ages - Institute of Archaeology\" \/>\n<meta property=\"og:description\" content=\"[vc_row][vc_column][vc_column_text][\/vc_column_text][vc_empty_space][\/vc_column][\/vc_row][vc_row][vc_column width=&#8221;1\/2&#8243;][vc_column_text]The study of the Copper, Bronze, and Iron Ages in the Central Balkans covers a period of more than four millennia. Currently, various international initiatives are being carried out, as well as the scientific project &#8220;THE FLOW: Interactions-Transmission-Transformation: Long-Distance Connections in the Copper and Bronze Ages of the Central Balkans.&#8221; In collaboration with local museums, [&hellip;]\" \/>\n<meta property=\"og:url\" content=\"https:\/\/ai.ac.rs\/en\/metalna-doba-strana\/\" \/>\n<meta property=\"og:site_name\" content=\"Institute of Archaeology\" \/>\n<meta property=\"article:publisher\" content=\"https:\/\/www.facebook.com\/profile.php?id=100063480880081&amp;sk\" \/>\n<meta property=\"article:modified_time\" content=\"2024-06-04T14:07:49+00:00\" \/>\n<meta property=\"og:image\" content=\"https:\/\/ai.ac.rs\/wp-content\/uploads\/2024\/02\/velika-humska-cuka-2018.-jama-unutar-kuce-3.-rani-eneolit-scaled.jpg\" \/>\n\t<meta property=\"og:image:width\" content=\"2560\" \/>\n\t<meta property=\"og:image:height\" content=\"1920\" \/>\n\t<meta property=\"og:image:type\" content=\"image\/jpeg\" \/>\n<meta name=\"twitter:card\" content=\"summary_large_image\" \/>\n<meta name=\"twitter:site\" content=\"@arheoinst\" \/>\n<meta name=\"twitter:label1\" content=\"Est. reading time\" \/>\n\t<meta name=\"twitter:data1\" content=\"3 minutes\" \/>\n<script type=\"application\/ld+json\" class=\"yoast-schema-graph\">{\"@context\":\"https:\/\/schema.org\",\"@graph\":[{\"@type\":\"WebPage\",\"@id\":\"https:\/\/ai.ac.rs\/en\/metalna-doba-strana\/\",\"url\":\"https:\/\/ai.ac.rs\/en\/metalna-doba-strana\/\",\"name\":\"Metal Ages - Institute of Archaeology\",\"isPartOf\":{\"@id\":\"https:\/\/ai.ac.rs\/#website\"},\"datePublished\":\"2023-09-13T08:28:40+00:00\",\"dateModified\":\"2024-06-04T14:07:49+00:00\",\"breadcrumb\":{\"@id\":\"https:\/\/ai.ac.rs\/en\/metalna-doba-strana\/#breadcrumb\"},\"inLanguage\":\"en-US\",\"potentialAction\":[{\"@type\":\"ReadAction\",\"target\":[\"https:\/\/ai.ac.rs\/en\/metalna-doba-strana\/\"]}]},{\"@type\":\"BreadcrumbList\",\"@id\":\"https:\/\/ai.ac.rs\/en\/metalna-doba-strana\/#breadcrumb\",\"itemListElement\":[{\"@type\":\"ListItem\",\"position\":1,\"name\":\"\u041f\u043e\u0447\u0435\u0442\u043d\u0430\",\"item\":\"https:\/\/ai.ac.rs\/en\/\"},{\"@type\":\"ListItem\",\"position\":2,\"name\":\"Metal Ages\"}]},{\"@type\":\"WebSite\",\"@id\":\"https:\/\/ai.ac.rs\/#website\",\"url\":\"https:\/\/ai.ac.rs\/\",\"name\":\"A\u0440\u0445\u0435\u043e\u043b\u043e\u0448\u043a\u0438 \u0438\u043d\u0441\u0442\u0438\u0442\u0443\u0442\",\"description\":\"Srbija\",\"publisher\":{\"@id\":\"https:\/\/ai.ac.rs\/#organization\"},\"potentialAction\":[{\"@type\":\"SearchAction\",\"target\":{\"@type\":\"EntryPoint\",\"urlTemplate\":\"https:\/\/ai.ac.rs\/?s={search_term_string}\"},\"query-input\":\"required name=search_term_string\"}],\"inLanguage\":\"en-US\"},{\"@type\":\"Organization\",\"@id\":\"https:\/\/ai.ac.rs\/#organization\",\"name\":\"A\u0440\u0445\u0435\u043e\u043b\u043e\u0448\u043a\u0438 \u0438\u043d\u0441\u0442\u0438\u0442\u0443\u0442\",\"url\":\"https:\/\/ai.ac.rs\/\",\"logo\":{\"@type\":\"ImageObject\",\"inLanguage\":\"en-US\",\"@id\":\"https:\/\/ai.ac.rs\/#\/schema\/logo\/image\/\",\"url\":\"https:\/\/ai.ac.rs\/wp-content\/uploads\/2023\/07\/f-logop.png\",\"contentUrl\":\"https:\/\/ai.ac.rs\/wp-content\/uploads\/2023\/07\/f-logop.png\",\"width\":300,\"height\":238,\"caption\":\"A\u0440\u0445\u0435\u043e\u043b\u043e\u0448\u043a\u0438 \u0438\u043d\u0441\u0442\u0438\u0442\u0443\u0442\"},\"image\":{\"@id\":\"https:\/\/ai.ac.rs\/#\/schema\/logo\/image\/\"},\"sameAs\":[\"https:\/\/www.facebook.com\/profile.php?id=100063480880081&sk\",\"https:\/\/twitter.com\/arheoinst\",\"https:\/\/www.instagram.com\/arheoloski.institut.rs\/\"]}]}<\/script>\n<!-- \/ Yoast SEO plugin. -->","yoast_head_json":{"title":"Metal Ages - Institute of Archaeology","robots":{"index":"index","follow":"follow","max-snippet":"max-snippet:-1","max-image-preview":"max-image-preview:large","max-video-preview":"max-video-preview:-1"},"canonical":"https:\/\/ai.ac.rs\/en\/metalna-doba-strana\/","og_locale":"en_US","og_type":"article","og_title":"Metal Ages - Institute of Archaeology","og_description":"[vc_row][vc_column][vc_column_text][\/vc_column_text][vc_empty_space][\/vc_column][\/vc_row][vc_row][vc_column width=&#8221;1\/2&#8243;][vc_column_text]The study of the Copper, Bronze, and Iron Ages in the Central Balkans covers a period of more than four millennia. Currently, various international initiatives are being carried out, as well as the scientific project &#8220;THE FLOW: Interactions-Transmission-Transformation: Long-Distance Connections in the Copper and Bronze Ages of the Central Balkans.&#8221; In collaboration with local museums, [&hellip;]","og_url":"https:\/\/ai.ac.rs\/en\/metalna-doba-strana\/","og_site_name":"Institute of Archaeology","article_publisher":"https:\/\/www.facebook.com\/profile.php?id=100063480880081&sk","article_modified_time":"2024-06-04T14:07:49+00:00","og_image":[{"width":2560,"height":1920,"url":"https:\/\/ai.ac.rs\/wp-content\/uploads\/2024\/02\/velika-humska-cuka-2018.-jama-unutar-kuce-3.-rani-eneolit-scaled.jpg","type":"image\/jpeg"}],"twitter_card":"summary_large_image","twitter_site":"@arheoinst","twitter_misc":{"Est. reading time":"3 minutes"},"schema":{"@context":"https:\/\/schema.org","@graph":[{"@type":"WebPage","@id":"https:\/\/ai.ac.rs\/en\/metalna-doba-strana\/","url":"https:\/\/ai.ac.rs\/en\/metalna-doba-strana\/","name":"Metal Ages - Institute of Archaeology","isPartOf":{"@id":"https:\/\/ai.ac.rs\/#website"},"datePublished":"2023-09-13T08:28:40+00:00","dateModified":"2024-06-04T14:07:49+00:00","breadcrumb":{"@id":"https:\/\/ai.ac.rs\/en\/metalna-doba-strana\/#breadcrumb"},"inLanguage":"en-US","potentialAction":[{"@type":"ReadAction","target":["https:\/\/ai.ac.rs\/en\/metalna-doba-strana\/"]}]},{"@type":"BreadcrumbList","@id":"https:\/\/ai.ac.rs\/en\/metalna-doba-strana\/#breadcrumb","itemListElement":[{"@type":"ListItem","position":1,"name":"\u041f\u043e\u0447\u0435\u0442\u043d\u0430","item":"https:\/\/ai.ac.rs\/en\/"},{"@type":"ListItem","position":2,"name":"Metal Ages"}]},{"@type":"WebSite","@id":"https:\/\/ai.ac.rs\/#website","url":"https:\/\/ai.ac.rs\/","name":"A\u0440\u0445\u0435\u043e\u043b\u043e\u0448\u043a\u0438 \u0438\u043d\u0441\u0442\u0438\u0442\u0443\u0442","description":"Srbija","publisher":{"@id":"https:\/\/ai.ac.rs\/#organization"},"potentialAction":[{"@type":"SearchAction","target":{"@type":"EntryPoint","urlTemplate":"https:\/\/ai.ac.rs\/?s={search_term_string}"},"query-input":"required name=search_term_string"}],"inLanguage":"en-US"},{"@type":"Organization","@id":"https:\/\/ai.ac.rs\/#organization","name":"A\u0440\u0445\u0435\u043e\u043b\u043e\u0448\u043a\u0438 \u0438\u043d\u0441\u0442\u0438\u0442\u0443\u0442","url":"https:\/\/ai.ac.rs\/","logo":{"@type":"ImageObject","inLanguage":"en-US","@id":"https:\/\/ai.ac.rs\/#\/schema\/logo\/image\/","url":"https:\/\/ai.ac.rs\/wp-content\/uploads\/2023\/07\/f-logop.png","contentUrl":"https:\/\/ai.ac.rs\/wp-content\/uploads\/2023\/07\/f-logop.png","width":300,"height":238,"caption":"A\u0440\u0445\u0435\u043e\u043b\u043e\u0448\u043a\u0438 \u0438\u043d\u0441\u0442\u0438\u0442\u0443\u0442"},"image":{"@id":"https:\/\/ai.ac.rs\/#\/schema\/logo\/image\/"},"sameAs":["https:\/\/www.facebook.com\/profile.php?id=100063480880081&sk","https:\/\/twitter.com\/arheoinst","https:\/\/www.instagram.com\/arheoloski.institut.rs\/"]}]}},"_links":{"self":[{"href":"https:\/\/ai.ac.rs\/en\/wp-json\/wp\/v2\/pages\/6999","targetHints":{"allow":["GET"]}}],"collection":[{"href":"https:\/\/ai.ac.rs\/en\/wp-json\/wp\/v2\/pages"}],"about":[{"href":"https:\/\/ai.ac.rs\/en\/wp-json\/wp\/v2\/types\/page"}],"author":[{"embeddable":true,"href":"https:\/\/ai.ac.rs\/en\/wp-json\/wp\/v2\/users\/1"}],"replies":[{"embeddable":true,"href":"https:\/\/ai.ac.rs\/en\/wp-json\/wp\/v2\/comments?post=6999"}],"version-history":[{"count":9,"href":"https:\/\/ai.ac.rs\/en\/wp-json\/wp\/v2\/pages\/6999\/revisions"}],"predecessor-version":[{"id":9953,"href":"https:\/\/ai.ac.rs\/en\/wp-json\/wp\/v2\/pages\/6999\/revisions\/9953"}],"wp:featuredmedia":[{"embeddable":true,"href":"https:\/\/ai.ac.rs\/en\/wp-json\/wp\/v2\/media\/9537"}],"wp:attachment":[{"href":"https:\/\/ai.ac.rs\/en\/wp-json\/wp\/v2\/media?parent=6999"}],"curies":[{"name":"wp","href":"https:\/\/api.w.org\/{rel}","templated":true}]}}